{"id":30,"date":"2025-08-05T12:49:31","date_gmt":"2025-08-05T10:49:31","guid":{"rendered":"https:\/\/www.emdekonsult.se\/?page_id=30"},"modified":"2025-08-05T13:39:34","modified_gmt":"2025-08-05T11:39:34","slug":"horses-and-humans","status":"publish","type":"page","link":"https:\/\/www.emdekonsult.se\/?page_id=30","title":{"rendered":"Horses and humans"},"content":{"rendered":"<div class=\"wp-block-image is-style-rounded\">\n<figure class=\"aligncenter size-medium\"><img loading=\"lazy\" decoding=\"async\" width=\"225\" height=\"300\" src=\"https:\/\/www.emdekonsult.se\/wp-content\/uploads\/2025\/04\/IMG_0433-225x300.jpg\" alt=\"\" class=\"wp-image-31\"\/><\/figure>\n<\/div>\n\n\n<p class=\"has-extra-small-font-size\">Mitt intresse f\u00f6r h\u00e4star b\u00f6rjade med flytt och byte av skola d\u00e4r stallet var samlingspunkten f\u00f6r nya kompisar. N\u00e4r den initiala r\u00e4dslan, f\u00f6rvirringen och os\u00e4kerheten kring h\u00e4starna lagt sig v\u00e4xte ett samspel och en samh\u00f6righet fram. N\u00e4r jag n\u00e5gra \u00e5r senare fick mitt f\u00f6rsta sommarjobb p\u00e5 ortens konferensherrg\u00e5rd m\u00e4rkte jag snabbt att jag kunde nyttja det jag l\u00e4rt mig i stallet i mina m\u00f6ten med g\u00e4sterna. <br><br>Plikttrogenheten var p\u00e5 plats. Likas\u00e5 r\u00e5digheten att ingripa och agera p\u00e5 det of\u00f6ruts\u00e4gbara. Jag var dessutom hyfsat stark b\u00e5de mentalt och fysiskt, envis och m\u00e5lmedveten.  Men mest av allt var jag lyh\u00f6rd, nyfiken och bra p\u00e5 att f\u00f6rutse, f\u00f6rst\u00e5 och bem\u00f6ta.<\/p>\n\n\n\n<p class=\"has-extra-small-font-size\">Det finns s\u00e5 m\u00e5nga likheter mellan oss m\u00e4nniskodjur och h\u00e4starna!<br>Genom att l\u00e4ra av h\u00e4star, blir du b\u00e4ttre p\u00e5 att f\u00f6rst\u00e5 m\u00e4nniskor och vice versa. Att f\u00f6rst\u00e5, f\u00f6rutse, utveckla och tillgodose beteenden och behov \u00e4r inte alltid l\u00e4tt. Men att f\u00f6rs\u00f6ka och st\u00e4ndigt l\u00e4ra sig mer \u00e4r desto roligare.<\/p>\n\n\n\n<p class=\"has-extra-small-font-size\">Vad finns det d\u00e5 f\u00f6r konkreta kopplingar mellan h\u00e4star och m\u00e4nniskor? Jo:<\/p>\n\n\n\n<p class=\"has-extra-small-font-size\"><strong style=\"font-family: var(--list--font-family); font-size: revert; background-color: var(--global--color-background); color: var(--global--color-primary);\">Sociala varelser<\/strong><span style=\"font-family: var(--list--font-family); font-size: revert; background-color: var(--global--color-background); color: var(--global--color-primary);\">: B\u00e5de h\u00e4star och m\u00e4nniskor \u00e4r sociala djur. H\u00e4star har ett starkt behov av social interaktion, precis som m\u00e4nniskor. De s\u00f6ker sig till andra f\u00f6r trygghet och gemenskap.<\/span><\/p>\n\n\n\n<p class=\"has-extra-small-font-size\"><span style=\"font-family: var(--list--font-family); font-size: revert; background-color: var(--global--color-background); color: var(--global--color-primary);\"><strong style=\"font-family: var(--list--font-family); font-size: revert; background-color: var(--global--color-background); color: var(--global--color-primary);\">Kommunikation<\/strong><span style=\"font-family: var(--list--font-family); font-size: revert; background-color: var(--global--color-background); color: var(--global--color-primary);\">: H\u00e4star och m\u00e4nniskor kommunicerar p\u00e5 olika s\u00e4tt, men b\u00e5da anv\u00e4nder kroppsspr\u00e5k och signaler f\u00f6r att uttrycka k\u00e4nslor och intentioner. H\u00e4star \u00e4r mycket k\u00e4nsliga f\u00f6r m\u00e4nniskors kroppsspr\u00e5k, vilket g\u00f6r att tydlig och positiv kommunikation \u00e4r viktig i b\u00e5de relationer och ledarskap.<\/span><\/span><\/p>\n\n\n\n<p class=\"has-extra-small-font-size\"><span style=\"font-family: var(--list--font-family); font-size: revert; background-color: var(--global--color-background); color: var(--global--color-primary);\"><strong style=\"font-family: var(--list--font-family); font-size: revert; background-color: var(--global--color-background); color: var(--global--color-primary);\">Behov av trygghet<\/strong><span style=\"font-family: var(--list--font-family); font-size: revert; background-color: var(--global--color-background); color: var(--global--color-primary);\">: B\u00e5de h\u00e4star och m\u00e4nniskor beh\u00f6ver en k\u00e4nsla av trygghet f\u00f6r att trivas. H\u00e4star k\u00e4nner sig s\u00e4krare i en stabil milj\u00f6 med en tydlig ledare, vilket ocks\u00e5 g\u00e4ller f\u00f6r m\u00e4nniskor. Trygghet skapar f\u00f6ruts\u00e4ttningar f\u00f6r utveckling och l\u00e4rande.<\/span><\/span><\/p>\n\n\n\n<p class=\"has-extra-small-font-size\"><span style=\"font-family: var(--list--font-family); font-size: revert; background-color: var(--global--color-background); color: var(--global--color-primary);\"><strong style=\"font-family: var(--list--font-family); font-size: revert; background-color: var(--global--color-background); color: var(--global--color-primary);\">Ledarskap<\/strong><span style=\"font-family: var(--list--font-family); font-size: revert; background-color: var(--global--color-background); color: var(--global--color-primary);\">: I b\u00e5de h\u00e4st- och m\u00e4nniskogrupper finns det ledare som guidar och skyddar. En bra ledare, oavsett om det \u00e4r en m\u00e4nniska eller en h\u00e4st, \u00e4r n\u00e5gon som skapar f\u00f6rtroende och visar omtanke om gruppens v\u00e4lbefinnande.<\/span><\/span><\/p>\n\n\n\n<p class=\"has-extra-small-font-size\"><span style=\"font-family: var(--list--font-family); font-size: revert; background-color: var(--global--color-background); color: var(--global--color-primary);\"><strong style=\"font-family: var(--list--font-family); font-size: revert; background-color: var(--global--color-background); color: var(--global--color-primary);\">L\u00e4rande och anpassning<\/strong><span style=\"font-family: var(--list--font-family); font-size: revert; background-color: var(--global--color-background); color: var(--global--color-primary);\">: B\u00e5de h\u00e4star och m\u00e4nniskor har f\u00f6rm\u00e5gan att l\u00e4ra sig av sina erfarenheter och anpassa sitt beteende utifr\u00e5n olika situationer. Detta g\u00f6r att de kan utveckla relationer och samarbeta effektivt.<\/span><\/span><\/p>\n\n\n\n<p class=\"has-extra-small-font-size\">Hur h\u00e4ftigt \u00e4r inte det!?<\/p>\n\n\n\n<p><\/p>\n\n\n","protected":false},"excerpt":{"rendered":"<p>Mitt intresse f\u00f6r h\u00e4star b\u00f6rjade med flytt och byte av skola d\u00e4r stallet var samlingspunkten f\u00f6r nya kompisar. N\u00e4r den initiala r\u00e4dslan, f\u00f6rvirringen och os\u00e4kerheten kring h\u00e4starna lagt sig v\u00e4xte ett samspel och en samh\u00f6righet fram. N\u00e4r jag n\u00e5gra \u00e5r senare fick mitt f\u00f6rsta sommarjobb p\u00e5 ortens konferensherrg\u00e5rd m\u00e4rkte jag snabbt att jag kunde nyttja&hellip; <a class=\"more-link\" href=\"https:\/\/www.emdekonsult.se\/?page_id=30\">Forts\u00e4tt l\u00e4sa <span class=\"screen-reader-text\">Horses and humans<\/span><\/a><\/p>\n","protected":false},"author":1,"featured_media":0,"parent":22,"menu_order":0,"comment_status":"closed","ping_status":"closed","template":"","meta":{"footnotes":""},"class_list":["post-30","page","type-page","status-publish","hentry","entry"],"_links":{"self":[{"href":"https:\/\/www.emdekonsult.se\/index.php?rest_route=\/wp\/v2\/pages\/30","targetHints":{"allow":["GET"]}}],"collection":[{"href":"https:\/\/www.emdekonsult.se\/index.php?rest_route=\/wp\/v2\/pages"}],"about":[{"href":"https:\/\/www.emdekonsult.se\/index.php?rest_route=\/wp\/v2\/types\/page"}],"author":[{"embeddable":true,"href":"https:\/\/www.emdekonsult.se\/index.php?rest_route=\/wp\/v2\/users\/1"}],"replies":[{"embeddable":true,"href":"https:\/\/www.emdekonsult.se\/index.php?rest_route=%2Fwp%2Fv2%2Fcomments&post=30"}],"version-history":[{"count":11,"href":"https:\/\/www.emdekonsult.se\/index.php?rest_route=\/wp\/v2\/pages\/30\/revisions"}],"predecessor-version":[{"id":122,"href":"https:\/\/www.emdekonsult.se\/index.php?rest_route=\/wp\/v2\/pages\/30\/revisions\/122"}],"up":[{"embeddable":true,"href":"https:\/\/www.emdekonsult.se\/index.php?rest_route=\/wp\/v2\/pages\/22"}],"wp:attachment":[{"href":"https:\/\/www.emdekonsult.se\/index.php?rest_route=%2Fwp%2Fv2%2Fmedia&parent=30"}],"curies":[{"name":"wp","href":"https:\/\/api.w.org\/{rel}","templated":true}]}}